{"id":593,"date":"2018-10-10T13:41:23","date_gmt":"2018-10-10T11:41:23","guid":{"rendered":"http:\/\/dieselengine.de\/wtzneu\/gasmotorenkonferenz\/?page_id=593"},"modified":"2019-02-25T10:19:09","modified_gmt":"2019-02-25T09:19:09","slug":"jury","status":"publish","type":"page","link":"https:\/\/www.wtz.de\/gasmotorenkonferenz\/jury\/","title":{"rendered":"Jury"},"content":{"rendered":"<div class=\"wpb-content-wrapper\"><p>[vc_row full_width=&#8220;stretch_row&#8220; el_class=&#8220;wtz-responsive-indent wtz_row_indent_top&#8211;responsive&#8220;][vc_column][vc_column_text el_class=&#8220;wtz_title wtz_head&#8220;]<\/p>\n<h1 style=\"text-align: left;\"><strong>JURY<br \/>\n<\/strong><\/h1>\n<p>[\/vc_column_text][vc_column_text el_class=&#8220;wtz_content&#8211;bigger&#8220;]<b>Expertengremium unterst\u00fctzt die Konferenz<\/b><\/p>\n<p>Die Konferenz wird von einem internationalen Expertengremium unterst\u00fctzt. Folgende Experten stellen ihr Knowhow f\u00fcr die fachliche Gestaltung der Konferenz zu Verf\u00fcgung:[\/vc_column_text][vc_empty_space][\/vc_column][\/vc_row][vc_row equal_height=&#8220;yes&#8220; el_class=&#8220;wtz-partners-row&#8220;][vc_column width=&#8220;1\/6&#8243; el_class=&#8220;wtz-partner-img&#8220;][vc_single_image image=&#8220;1524&#8243;][\/vc_column][vc_column width=&#8220;5\/6&#8243;][vc_row_inner equal_height=&#8220;yes&#8220; css=&#8220;.vc_custom_1538032387286{margin-top: 0px !important;margin-bottom: 0px !important;}&#8220;][vc_column_inner width=&#8220;2\/3&#8243; css=&#8220;.vc_custom_1537964591139{margin-top: 0px !important;margin-bottom: 0px !important;}&#8220;][vc_column_text el_class=&#8220;wtz_title wtz_title&#8211;no-indent&#8220;]<\/p>\n<h2 style=\"text-align: left;\"><strong>Tr\u00e4gerverein WTZ Ro\u00dflau e. V. Dessau Ro\u00dflau, Deutschland<br \/>\n<\/strong><\/h2>\n<p>[\/vc_column_text][\/vc_column_inner][vc_column_inner el_class=&#8220;wtz-details-button&#8220; width=&#8220;1\/3&#8243; css=&#8220;.vc_custom_1538032506051{margin-top: 0px !important;margin-bottom: 0px !important;}&#8220;][vc_column_text css=&#8220;.vc_custom_1548678194563{margin-top: 0px !important;margin-bottom: 0px !important;}&#8220;]<\/p>\n<p class=\"wtz-partners-btn-details\" style=\"text-align: right; margin-top: 0;\"><span class=\"wtz-btn wtz-btn--grey wtz-btn--grey-no-link\"><span class=\"wtz-inner-btn-wrap\">Dr. Ulrich Kramer<br \/>\n<\/span><\/span><\/p>\n<p>[\/vc_column_text][\/vc_column_inner][\/vc_row_inner][\/vc_column][\/vc_row][vc_row][vc_column][vc_separator color=&#8220;custom&#8220; accent_color=&#8220;#888888&#8243;][vc_empty_space height=&#8220;15px&#8220; el_class=&#8220;wtz-responsive-hide-mobile&#8220;][\/vc_column][\/vc_row][vc_row equal_height=&#8220;yes&#8220; el_class=&#8220;wtz-partners-row&#8220;][vc_column width=&#8220;1\/6&#8243; el_class=&#8220;wtz-partner-img&#8220;][vc_single_image image=&#8220;1525&#8243;][\/vc_column][vc_column width=&#8220;5\/6&#8243;][vc_row_inner equal_height=&#8220;yes&#8220; css=&#8220;.vc_custom_1538032387286{margin-top: 0px !important;margin-bottom: 0px !important;}&#8220;][vc_column_inner width=&#8220;2\/3&#8243; css=&#8220;.vc_custom_1537964591139{margin-top: 0px !important;margin-bottom: 0px !important;}&#8220;][vc_column_text el_class=&#8220;wtz_title wtz_title&#8211;no-indent&#8220;]<\/p>\n<h2 style=\"text-align: left;\"><strong>LEC GmbH, Large Engines Competence Center, Graz, \u00d6sterreich<\/strong><\/h2>\n<p>[\/vc_column_text][\/vc_column_inner][vc_column_inner el_class=&#8220;wtz-details-button&#8220; width=&#8220;1\/3&#8243; css=&#8220;.vc_custom_1538032506051{margin-top: 0px !important;margin-bottom: 0px !important;}&#8220;][vc_column_text css=&#8220;.vc_custom_1548678216851{margin-top: 0px !important;margin-bottom: 0px !important;}&#8220;]<\/p>\n<p class=\"wtz-partners-btn-details\" style=\"text-align: right; margin-top: 0;\"><span class=\"wtz-btn wtz-btn--grey wtz-btn--grey-no-link\"><span class=\"wtz-inner-btn-wrap\">Professor Andreas Wimmer<br \/>\n<\/span><\/span><\/p>\n<p>[\/vc_column_text][\/vc_column_inner][\/vc_row_inner][\/vc_column][\/vc_row][vc_row][vc_column][vc_separator color=&#8220;custom&#8220; accent_color=&#8220;#888888&#8243;][vc_empty_space height=&#8220;15px&#8220; el_class=&#8220;wtz-responsive-hide-mobile&#8220;][\/vc_column][\/vc_row][vc_row equal_height=&#8220;yes&#8220; el_class=&#8220;wtz-partners-row&#8220;][vc_column width=&#8220;1\/6&#8243; el_class=&#8220;wtz-partner-img&#8220;][vc_single_image image=&#8220;1526&#8243;][\/vc_column][vc_column width=&#8220;5\/6&#8243;][vc_row_inner equal_height=&#8220;yes&#8220; css=&#8220;.vc_custom_1538032387286{margin-top: 0px !important;margin-bottom: 0px !important;}&#8220;][vc_column_inner width=&#8220;2\/3&#8243; css=&#8220;.vc_custom_1537964591139{margin-top: 0px !important;margin-bottom: 0px !important;}&#8220;][vc_column_text el_class=&#8220;wtz_title wtz_title&#8211;no-indent&#8220;]<\/p>\n<h2><strong>TU Braunschweig, Braunschweig, Deutschland<\/strong><\/h2>\n<p>[\/vc_column_text][\/vc_column_inner][vc_column_inner el_class=&#8220;wtz-details-button&#8220; width=&#8220;1\/3&#8243; css=&#8220;.vc_custom_1538032506051{margin-top: 0px !important;margin-bottom: 0px !important;}&#8220;][vc_column_text css=&#8220;.vc_custom_1548678256155{margin-top: 0px !important;margin-bottom: 0px !important;}&#8220;]<\/p>\n<p class=\"wtz-partners-btn-details\" style=\"text-align: right; margin-top: 0;\"><span class=\"wtz-btn wtz-btn--grey wtz-btn--grey-no-link\"><span class=\"wtz-inner-btn-wrap\">Professor Peter Eilts <\/span><\/span><\/p>\n<p>[\/vc_column_text][\/vc_column_inner][\/vc_row_inner][\/vc_column][\/vc_row][vc_row][vc_column][vc_separator color=&#8220;custom&#8220; accent_color=&#8220;#888888&#8243;][vc_empty_space height=&#8220;15px&#8220; el_class=&#8220;wtz-responsive-hide-mobile&#8220;][\/vc_column][\/vc_row][vc_row equal_height=&#8220;yes&#8220; el_class=&#8220;wtz-partners-row&#8220;][vc_column width=&#8220;1\/6&#8243; el_class=&#8220;wtz-partner-img&#8220;][vc_single_image image=&#8220;1528&#8243;][\/vc_column][vc_column width=&#8220;5\/6&#8243;][vc_row_inner equal_height=&#8220;yes&#8220; css=&#8220;.vc_custom_1538032387286{margin-top: 0px !important;margin-bottom: 0px !important;}&#8220;][vc_column_inner width=&#8220;2\/3&#8243; css=&#8220;.vc_custom_1537964591139{margin-top: 0px !important;margin-bottom: 0px !important;}&#8220;][vc_column_text el_class=&#8220;wtz_title wtz_title&#8211;no-indent&#8220;]<\/p>\n<h2><strong>Western Norway University of Applied Sciences, Bergen, Norwegen<\/strong><\/h2>\n<p>[\/vc_column_text][\/vc_column_inner][vc_column_inner el_class=&#8220;wtz-details-button&#8220; width=&#8220;1\/3&#8243; css=&#8220;.vc_custom_1538032506051{margin-top: 0px !important;margin-bottom: 0px !important;}&#8220;][vc_column_text css=&#8220;.vc_custom_1548678692581{margin-top: 0px !important;margin-bottom: 0px !important;}&#8220;]<\/p>\n<p class=\"wtz-partners-btn-details\" style=\"text-align: right; margin-top: 0;\"><span class=\"wtz-btn wtz-btn--grey wtz-btn--grey-no-link\"><span class=\"wtz-inner-btn-wrap\">Professor Lars M. Nerheim <\/span><\/span><\/p>\n<p>[\/vc_column_text][\/vc_column_inner][\/vc_row_inner][\/vc_column][\/vc_row][vc_row][vc_column][vc_separator color=&#8220;custom&#8220; accent_color=&#8220;#888888&#8243;][vc_empty_space height=&#8220;15px&#8220; el_class=&#8220;wtz-responsive-hide-mobile&#8220;][\/vc_column][\/vc_row][vc_row equal_height=&#8220;yes&#8220; el_class=&#8220;wtz-partners-row&#8220;][vc_column width=&#8220;1\/6&#8243; el_class=&#8220;wtz-partner-img&#8220;][vc_single_image image=&#8220;1530&#8243;][\/vc_column][vc_column width=&#8220;5\/6&#8243;][vc_row_inner equal_height=&#8220;yes&#8220; css=&#8220;.vc_custom_1538032387286{margin-top: 0px !important;margin-bottom: 0px !important;}&#8220;][vc_column_inner width=&#8220;2\/3&#8243; css=&#8220;.vc_custom_1537964591139{margin-top: 0px !important;margin-bottom: 0px !important;}&#8220;][vc_column_text el_class=&#8220;wtz_title wtz_title&#8211;no-indent&#8220;]<\/p>\n<h2><strong>Universit\u00e4t Rostock, Rostock, Deutschland<\/strong><\/h2>\n<p>[\/vc_column_text][\/vc_column_inner][vc_column_inner el_class=&#8220;wtz-details-button&#8220; width=&#8220;1\/3&#8243; css=&#8220;.vc_custom_1538032506051{margin-top: 0px !important;margin-bottom: 0px !important;}&#8220;][vc_column_text css=&#8220;.vc_custom_1548679328775{margin-top: 0px !important;margin-bottom: 0px !important;}&#8220;]<\/p>\n<p class=\"wtz-partners-btn-details\" style=\"text-align: right; margin-top: 0;\"><span class=\"wtz-btn wtz-btn--grey wtz-btn--grey-no-link\"><span class=\"wtz-inner-btn-wrap\">Professor Bert Buchholz <\/span><\/span><\/p>\n<p>[\/vc_column_text][\/vc_column_inner][\/vc_row_inner][\/vc_column][\/vc_row][vc_row][vc_column][vc_separator color=&#8220;custom&#8220; accent_color=&#8220;#888888&#8243;][vc_empty_space height=&#8220;15px&#8220; el_class=&#8220;wtz-responsive-hide-mobile&#8220;][\/vc_column][\/vc_row][vc_row equal_height=&#8220;yes&#8220; el_class=&#8220;wtz-partners-row&#8220;][vc_column width=&#8220;1\/6&#8243; el_class=&#8220;wtz-partner-img&#8220;][vc_single_image image=&#8220;1531&#8243;][\/vc_column][vc_column width=&#8220;5\/6&#8243;][vc_row_inner equal_height=&#8220;yes&#8220; css=&#8220;.vc_custom_1538032387286{margin-top: 0px !important;margin-bottom: 0px !important;}&#8220;][vc_column_inner width=&#8220;2\/3&#8243; css=&#8220;.vc_custom_1537964591139{margin-top: 0px !important;margin-bottom: 0px !important;}&#8220;][vc_column_text el_class=&#8220;wtz_title wtz_title&#8211;no-indent&#8220;]<\/p>\n<h2><strong>TU M\u00fcnchen, M\u00fcnchen, Deutschland<\/strong><\/h2>\n<p>[\/vc_column_text][\/vc_column_inner][vc_column_inner el_class=&#8220;wtz-details-button&#8220; width=&#8220;1\/3&#8243; css=&#8220;.vc_custom_1538032506051{margin-top: 0px !important;margin-bottom: 0px !important;}&#8220;][vc_column_text css=&#8220;.vc_custom_1548679321359{margin-top: 0px !important;margin-bottom: 0px !important;}&#8220;]<\/p>\n<p class=\"wtz-partners-btn-details\" style=\"text-align: right; margin-top: 0;\"><span class=\"wtz-btn wtz-btn--grey wtz-btn--grey-no-link\"><span class=\"wtz-inner-btn-wrap\">Professor Georg Wachtmeister<\/span><\/span><\/p>\n<p>[\/vc_column_text][\/vc_column_inner][\/vc_row_inner][\/vc_column][\/vc_row][vc_row el_class=&#8220;wtz-responsive-hide-mobile&#8220;][vc_column][vc_separator color=&#8220;custom&#8220; accent_color=&#8220;#888888&#8243;][vc_empty_space height=&#8220;40px&#8220; el_class=&#8220;wtz-responsive-hide-mobile&#8220;][\/vc_column][\/vc_row]<\/p>\n<\/div>","protected":false},"excerpt":{"rendered":"[vc_row full_width=&#8220;stretch_row&#8220; el_class=&#8220;wtz-responsive-indent wtz_row_indent_top&#8211;responsive&#8220;][vc_column][vc_column_text el_class=&#8220;wtz_title wtz_head&#8220;] JURY [\/vc_column_text][vc_column_text el_class=&#8220;wtz_content&#8211;bigger&#8220;]Expertengremium unterst\u00fctzt die Konferenz Die Konferenz wird von einem internationalen Expertengremium unterst\u00fctzt. Folgende Experten stellen ihr Knowhow f\u00fcr die fachliche Gestaltung der Konferenz zu Verf\u00fcgung:[\/vc_column_text][vc_empty_space][\/vc_column][\/vc_row][vc_row equal_height=&#8220;yes&#8220; el_class=&#8220;wtz-partners-row&#8220;][vc_column width=&#8220;1\/6&#8243; el_class=&#8220;wtz-partner-img&#8220;][vc_single_image image=&#8220;1524&#8243;][\/vc_column][vc_column width=&#8220;5\/6&#8243;][vc_row_inner equal_height=&#8220;yes&#8220; css=&#8220;.vc_custom_1538032387286{margin-top: 0px !important;margin-bottom: 0px !important;}&#8220;][vc_column_inner width=&#8220;2\/3&#8243; css=&#8220;.vc_custom_1537964591139{margin-top: 0px !important;margin-bottom: 0px !important;}&#8220;][vc_column_text el_class=&#8220;wtz_title wtz_title&#8211;no-indent&#8220;] Tr\u00e4gerverein WTZ&#8230; <a class=\"view-article\" href=\"https:\/\/www.wtz.de\/gasmotorenkonferenz\/jury\/\">Artikel ansehen<\/a>","protected":false},"author":10,"featured_media":0,"parent":0,"menu_order":0,"comment_status":"closed","ping_status":"closed","template":"","meta":{"_acf_changed":false,"footnotes":""},"class_list":["post-593","page","type-page","status-publish","hentry"],"yoast_head":"<!-- This site is optimized with the Yoast SEO plugin v27.3 - https:\/\/yoast.com\/product\/yoast-seo-wordpress\/ -->\n<title>Jury - WTZ Gasmotorenkonferenz<\/title>\n<meta name=\"robots\" content=\"index, follow, max-snippet:-1, max-image-preview:large, max-video-preview:-1\" \/>\n<link rel=\"canonical\" href=\"https:\/\/www.wtz.de\/gasmotorenkonferenz\/jury\/\" \/>\n<meta property=\"og:locale\" content=\"de_DE\" \/>\n<meta property=\"og:type\" content=\"article\" \/>\n<meta property=\"og:title\" content=\"Jury - WTZ Gasmotorenkonferenz\" \/>\n<meta property=\"og:description\" content=\"[vc_row full_width=&#8220;stretch_row&#8220; el_class=&#8220;wtz-responsive-indent wtz_row_indent_top&#8211;responsive&#8220;][vc_column][vc_column_text el_class=&#8220;wtz_title wtz_head&#8220;] JURY [\/vc_column_text][vc_column_text el_class=&#8220;wtz_content&#8211;bigger&#8220;]Expertengremium unterst\u00fctzt die Konferenz Die Konferenz wird von einem internationalen Expertengremium unterst\u00fctzt. Folgende Experten stellen ihr Knowhow f\u00fcr die fachliche Gestaltung der Konferenz zu Verf\u00fcgung:[\/vc_column_text][vc_empty_space][\/vc_column][\/vc_row][vc_row equal_height=&#8220;yes&#8220; el_class=&#8220;wtz-partners-row&#8220;][vc_column width=&#8220;1\/6&#8243; el_class=&#8220;wtz-partner-img&#8220;][vc_single_image image=&#8220;1524&#8243;][\/vc_column][vc_column width=&#8220;5\/6&#8243;][vc_row_inner equal_height=&#8220;yes&#8220; css=&#8220;.vc_custom_1538032387286{margin-top: 0px !important;margin-bottom: 0px !important;}&#8220;][vc_column_inner width=&#8220;2\/3&#8243; css=&#8220;.vc_custom_1537964591139{margin-top: 0px !important;margin-bottom: 0px !important;}&#8220;][vc_column_text el_class=&#8220;wtz_title wtz_title&#8211;no-indent&#8220;] Tr\u00e4gerverein WTZ... Artikel ansehen\" \/>\n<meta property=\"og:url\" content=\"https:\/\/www.wtz.de\/gasmotorenkonferenz\/jury\/\" \/>\n<meta property=\"og:site_name\" content=\"WTZ Gasmotorenkonferenz\" \/>\n<meta property=\"article:modified_time\" content=\"2019-02-25T09:19:09+00:00\" \/>\n<meta name=\"twitter:card\" content=\"summary_large_image\" \/>\n<meta name=\"twitter:label1\" content=\"Gesch\u00e4tzte Lesezeit\" \/>\n\t<meta name=\"twitter:data1\" content=\"5\u00a0Minuten\" \/>\n<script type=\"application\/ld+json\" class=\"yoast-schema-graph\">{\"@context\":\"https:\\\/\\\/schema.org\",\"@graph\":[{\"@type\":\"WebPage\",\"@id\":\"https:\\\/\\\/www.wtz.de\\\/gasmotorenkonferenz\\\/jury\\\/\",\"url\":\"https:\\\/\\\/www.wtz.de\\\/gasmotorenkonferenz\\\/jury\\\/\",\"name\":\"Jury - WTZ Gasmotorenkonferenz\",\"isPartOf\":{\"@id\":\"https:\\\/\\\/www.wtz.de\\\/gasmotorenkonferenz\\\/en\\\/#website\"},\"datePublished\":\"2018-10-10T11:41:23+00:00\",\"dateModified\":\"2019-02-25T09:19:09+00:00\",\"breadcrumb\":{\"@id\":\"https:\\\/\\\/www.wtz.de\\\/gasmotorenkonferenz\\\/jury\\\/#breadcrumb\"},\"inLanguage\":\"de\",\"potentialAction\":[{\"@type\":\"ReadAction\",\"target\":[\"https:\\\/\\\/www.wtz.de\\\/gasmotorenkonferenz\\\/jury\\\/\"]}]},{\"@type\":\"BreadcrumbList\",\"@id\":\"https:\\\/\\\/www.wtz.de\\\/gasmotorenkonferenz\\\/jury\\\/#breadcrumb\",\"itemListElement\":[{\"@type\":\"ListItem\",\"position\":1,\"name\":\"Startseite\",\"item\":\"https:\\\/\\\/www.wtz.de\\\/gasmotorenkonferenz\\\/\"},{\"@type\":\"ListItem\",\"position\":2,\"name\":\"Jury\"}]},{\"@type\":\"WebSite\",\"@id\":\"https:\\\/\\\/www.wtz.de\\\/gasmotorenkonferenz\\\/en\\\/#website\",\"url\":\"https:\\\/\\\/www.wtz.de\\\/gasmotorenkonferenz\\\/en\\\/\",\"name\":\"WTZ Gasmotorenkonferenz\",\"description\":\"Innovative Science and Research\",\"potentialAction\":[{\"@type\":\"SearchAction\",\"target\":{\"@type\":\"EntryPoint\",\"urlTemplate\":\"https:\\\/\\\/www.wtz.de\\\/gasmotorenkonferenz\\\/en\\\/?s={search_term_string}\"},\"query-input\":{\"@type\":\"PropertyValueSpecification\",\"valueRequired\":true,\"valueName\":\"search_term_string\"}}],\"inLanguage\":\"de\"}]}<\/script>\n<!-- \/ Yoast SEO plugin. -->","yoast_head_json":{"title":"Jury - WTZ Gasmotorenkonferenz","robots":{"index":"index","follow":"follow","max-snippet":"max-snippet:-1","max-image-preview":"max-image-preview:large","max-video-preview":"max-video-preview:-1"},"canonical":"https:\/\/www.wtz.de\/gasmotorenkonferenz\/jury\/","og_locale":"de_DE","og_type":"article","og_title":"Jury - WTZ Gasmotorenkonferenz","og_description":"[vc_row full_width=&#8220;stretch_row&#8220; el_class=&#8220;wtz-responsive-indent wtz_row_indent_top&#8211;responsive&#8220;][vc_column][vc_column_text el_class=&#8220;wtz_title wtz_head&#8220;] JURY [\/vc_column_text][vc_column_text el_class=&#8220;wtz_content&#8211;bigger&#8220;]Expertengremium unterst\u00fctzt die Konferenz Die Konferenz wird von einem internationalen Expertengremium unterst\u00fctzt. Folgende Experten stellen ihr Knowhow f\u00fcr die fachliche Gestaltung der Konferenz zu Verf\u00fcgung:[\/vc_column_text][vc_empty_space][\/vc_column][\/vc_row][vc_row equal_height=&#8220;yes&#8220; el_class=&#8220;wtz-partners-row&#8220;][vc_column width=&#8220;1\/6&#8243; el_class=&#8220;wtz-partner-img&#8220;][vc_single_image image=&#8220;1524&#8243;][\/vc_column][vc_column width=&#8220;5\/6&#8243;][vc_row_inner equal_height=&#8220;yes&#8220; css=&#8220;.vc_custom_1538032387286{margin-top: 0px !important;margin-bottom: 0px !important;}&#8220;][vc_column_inner width=&#8220;2\/3&#8243; css=&#8220;.vc_custom_1537964591139{margin-top: 0px !important;margin-bottom: 0px !important;}&#8220;][vc_column_text el_class=&#8220;wtz_title wtz_title&#8211;no-indent&#8220;] Tr\u00e4gerverein WTZ... Artikel ansehen","og_url":"https:\/\/www.wtz.de\/gasmotorenkonferenz\/jury\/","og_site_name":"WTZ Gasmotorenkonferenz","article_modified_time":"2019-02-25T09:19:09+00:00","twitter_card":"summary_large_image","twitter_misc":{"Gesch\u00e4tzte Lesezeit":"5\u00a0Minuten"},"schema":{"@context":"https:\/\/schema.org","@graph":[{"@type":"WebPage","@id":"https:\/\/www.wtz.de\/gasmotorenkonferenz\/jury\/","url":"https:\/\/www.wtz.de\/gasmotorenkonferenz\/jury\/","name":"Jury - WTZ Gasmotorenkonferenz","isPartOf":{"@id":"https:\/\/www.wtz.de\/gasmotorenkonferenz\/en\/#website"},"datePublished":"2018-10-10T11:41:23+00:00","dateModified":"2019-02-25T09:19:09+00:00","breadcrumb":{"@id":"https:\/\/www.wtz.de\/gasmotorenkonferenz\/jury\/#breadcrumb"},"inLanguage":"de","potentialAction":[{"@type":"ReadAction","target":["https:\/\/www.wtz.de\/gasmotorenkonferenz\/jury\/"]}]},{"@type":"BreadcrumbList","@id":"https:\/\/www.wtz.de\/gasmotorenkonferenz\/jury\/#breadcrumb","itemListElement":[{"@type":"ListItem","position":1,"name":"Startseite","item":"https:\/\/www.wtz.de\/gasmotorenkonferenz\/"},{"@type":"ListItem","position":2,"name":"Jury"}]},{"@type":"WebSite","@id":"https:\/\/www.wtz.de\/gasmotorenkonferenz\/en\/#website","url":"https:\/\/www.wtz.de\/gasmotorenkonferenz\/en\/","name":"WTZ Gasmotorenkonferenz","description":"Innovative Science and Research","potentialAction":[{"@type":"SearchAction","target":{"@type":"EntryPoint","urlTemplate":"https:\/\/www.wtz.de\/gasmotorenkonferenz\/en\/?s={search_term_string}"},"query-input":{"@type":"PropertyValueSpecification","valueRequired":true,"valueName":"search_term_string"}}],"inLanguage":"de"}]}},"acf":[],"featured_image_src":"","featured_image_src_square":false,"rbea_author_info":{"display_name":"wtzredaktion","author_link":"https:\/\/www.wtz.de\/gasmotorenkonferenz\/author\/bode\/"},"rbea_excerpt_info":"[vc_row full_width=&#8220;stretch_row&#8220; el_class=&#8220;wtz-responsive-indent wtz_row_indent_top&#8211;responsive&#8220;][vc_column][vc_column_text el_class=&#8220;wtz_title wtz_head&#8220;] JURY [\/vc_column_text][vc_column_text el_class=&#8220;wtz_content&#8211;bigger&#8220;]Expertengremium unterst\u00fctzt die Konferenz Die Konferenz wird von einem internationalen Expertengremium unterst\u00fctzt. Folgende Experten stellen ihr Knowhow f\u00fcr die fachliche Gestaltung der Konferenz zu Verf\u00fcgung:[\/vc_column_text][vc_empty_space][\/vc_column][\/vc_row][vc_row equal_height=&#8220;yes&#8220; el_class=&#8220;wtz-partners-row&#8220;][vc_column width=&#8220;1\/6&#8243; el_class=&#8220;wtz-partner-img&#8220;][vc_single_image image=&#8220;1524&#8243;][\/vc_column][vc_column width=&#8220;5\/6&#8243;][vc_row_inner equal_height=&#8220;yes&#8220; css=&#8220;.vc_custom_1538032387286{margin-top: 0px !important;margin-bottom: 0px !important;}&#8220;][vc_column_inner width=&#8220;2\/3&#8243; css=&#8220;.vc_custom_1537964591139{margin-top: 0px !important;margin-bottom: 0px !important;}&#8220;][vc_column_text el_class=&#8220;wtz_title wtz_title&#8211;no-indent&#8220;] Tr\u00e4gerverein WTZ... <a class=\"view-article\" href=\"https:\/\/www.wtz.de\/gasmotorenkonferenz\/jury\/\">Artikel ansehen<\/a>","_links":{"self":[{"href":"https:\/\/www.wtz.de\/gasmotorenkonferenz\/wp-json\/wp\/v2\/pages\/593","targetHints":{"allow":["GET"]}}],"collection":[{"href":"https:\/\/www.wtz.de\/gasmotorenkonferenz\/wp-json\/wp\/v2\/pages"}],"about":[{"href":"https:\/\/www.wtz.de\/gasmotorenkonferenz\/wp-json\/wp\/v2\/types\/page"}],"author":[{"embeddable":true,"href":"https:\/\/www.wtz.de\/gasmotorenkonferenz\/wp-json\/wp\/v2\/users\/10"}],"replies":[{"embeddable":true,"href":"https:\/\/www.wtz.de\/gasmotorenkonferenz\/wp-json\/wp\/v2\/comments?post=593"}],"version-history":[{"count":5,"href":"https:\/\/www.wtz.de\/gasmotorenkonferenz\/wp-json\/wp\/v2\/pages\/593\/revisions"}],"predecessor-version":[{"id":2313,"href":"https:\/\/www.wtz.de\/gasmotorenkonferenz\/wp-json\/wp\/v2\/pages\/593\/revisions\/2313"}],"wp:attachment":[{"href":"https:\/\/www.wtz.de\/gasmotorenkonferenz\/wp-json\/wp\/v2\/media?parent=593"}],"curies":[{"name":"wp","href":"https:\/\/api.w.org\/{rel}","templated":true}]}}